{"id":35,"date":"2014-06-02T09:32:03","date_gmt":"2014-06-02T07:32:03","guid":{"rendered":"http:\/\/www.estetalschule.de\/wordpress\/?page_id=35"},"modified":"2026-03-13T08:02:37","modified_gmt":"2026-03-13T07:02:37","slug":"schulprofil","status":"publish","type":"page","link":"http:\/\/www.estetalschule.de\/wordpress\/schulprofil\/","title":{"rendered":"Schulprofil"},"content":{"rendered":"<p style=\"font-size: 13px; text-align: justify;\">Die Estetalschule ist eine Oberschule im Landkreis, die sich in der Abwicklung befindet und durch die hochwachsende <a href=\"https:\/\/www.igs-hollenstedt.eu\/\" target=\"_blank\" rel=\"noopener\">IGeSte<\/a> ersetzt wird. Die Oberschule hat zur Zeit etwa 150 Sch\u00fclern, die in 10 Klassen unterrichtet werden. Zur Zeit haben wir noch die Jahrg\u00e4nge 8-10 an der Oberschule. Die Jahrg\u00e4nge 5-7 werden unter Leitung der IGeSte gef\u00fchrt.\u00a0 Die Hauptschule wird bis zur 10. Klasse gef\u00fchrt, die Realschule ist zweiz\u00fcgig. Unsere Schule liegt im l\u00e4ndlichen Umfeld, die N\u00e4he der Gro\u00dfstadt ist dennoch unverkennbar (ca. 30 Minuten Autofahrt nach Hamburg).<\/p>\n<p style=\"font-size: 13px; text-align: justify;\"><a style=\"color: #ff4b33; line-height: 24px;\" title=\"\" href=\"http:\/\/www.estetalschule.de\/wordpress\/wp-content\/uploads\/2014\/06\/Estetalschule_2012-12-26_foto-stelling.jpg\" target=\"\" rel=\"noopener noreferrer\"><img loading=\"lazy\" decoding=\"async\" class=\"size-medium wp-image-94 alignright\" title=\"Estetalschule\" src=\"http:\/\/www.estetalschule.de\/wordpress\/wp-content\/uploads\/2014\/06\/Estetalschule_2012-12-26_foto-stelling-300x129.jpg\" alt=\"Estetalschule_2012-12-26\" width=\"315\" height=\"135\" srcset=\"http:\/\/www.estetalschule.de\/wordpress\/wp-content\/uploads\/2014\/06\/Estetalschule_2012-12-26_foto-stelling-300x129.jpg 300w, http:\/\/www.estetalschule.de\/wordpress\/wp-content\/uploads\/2014\/06\/Estetalschule_2012-12-26_foto-stelling-1024x441.jpg 1024w, http:\/\/www.estetalschule.de\/wordpress\/wp-content\/uploads\/2014\/06\/Estetalschule_2012-12-26_foto-stelling.jpg 2000w\" sizes=\"auto, (max-width: 315px) 100vw, 315px\" \/><\/a><\/p>\n<p style=\"font-size: 13px; text-align: justify;\">Wir unterrichten nach einem integrativen p\u00e4dagogischen Konzept, d.h. dass die verschiedenen Schulformen (Haupt-, Real- und Oberschule) nicht im Vordergrund stehen sollen. Daf\u00fcr stehen ein gemeinsamer Schulvertrag, eine gemeinsame Schulordnung, eine gemeinsame Geb\u00e4udenutzung, eine gemeinsame Schulkleidung, ein \u00fcbergreifendes AG-Angebot und ein integrierter Unterricht in den Wahlpflichtkursen. Der Einsatz der \u00fcberwiegenden Mehrheit unserer Lehrkr\u00e4fte erfolgt in allen drei Schulformen. In den Jahrg\u00e4ngen 5 bis 7 lag der p\u00e4dagogische Schwerpunkt beim Aufbau von Sozialkompetenz und Methodentraining. Unsere Schule arbeitet erfolgreich mit Konfliktlotsen. In den Klassen 8 bis 10 hat die Vorbereitung auf die Berufswelt Vorrang. In diesen 3 Schuljahren finden daher insbesondere Betriebspraktika, Berufsinformationstagen und Bewerbungstrainings statt.<\/p>\n<p style=\"font-size: 13px; text-align: justify;\">Unsere Schule wurde 2004 gegr\u00fcndet. Die Grundschule wurde zu diesem Zeitpunkt abgetrennt und eigenst\u00e4ndig. Aus einer Hauptschule mit Orientierungsstufe wurde zun\u00e4chst eine Haupt- und Realschule, sp\u00e4ter die Oberschule:\u00a0 die Estetalschule Hollenstedt.<\/p>\n<p style=\"font-size: 13px; text-align: justify;\">Die Estetalschule ist modern ausgestattet. Es gibt Fachr\u00e4ume f\u00fcr Chemie, Physik, Musik, Kunst und Werken. Erg\u00e4nzt werden diese durch eine K\u00fcche und eine Aula mit B\u00fchne. Alle Klassenr\u00e4ume sind mit interaktiven Tafeln ausgestattet. Unserem Sportunterricht stehen zwei gro\u00dfe, gepflegte Sporthallen, zwei Au\u00dfensportpl\u00e4tze mit Laufbahn und Sprunganlage, ein beheiztes Freibad, ein Kleinfu\u00dfballfeld und ein Beach-Volleyball-Platz zur Verf\u00fcgung.<\/p>\n<p style=\"font-size: 13px; text-align: justify;\">Wir bem\u00fchen uns um die Erschlie\u00dfung weiterer Ressourcen. Unterst\u00fctzung von au\u00dfen und eine effektive Vernetzung schaffen interessante M\u00f6glichkeiten zur Gestaltung des Schulalltags.<\/p>\n<p style=\"font-size: 13px; text-align: justify;\">Die Estetalschule ist eine Schule, die Lust macht, sich zu engagieren. Wir freuen uns \u00fcber jeden, der sich f\u00fcr unsere Sch\u00fclerinnen und Sch\u00fcler einsetzt und hilft, unsere Schule zu einem effektiven Lernort zu machen.<\/p>\n","protected":false},"excerpt":{"rendered":"<p>Die Estetalschule ist eine Oberschule im Landkreis, die sich in der Abwicklung befindet und durch die hochwachsende IGeSte ersetzt wird. Die Oberschule hat zur Zeit etwa 150 Sch\u00fclern, die in 10 Klassen unterrichtet werden. Zur Zeit haben wir noch die &hellip; <a href=\"http:\/\/www.estetalschule.de\/wordpress\/schulprofil\/\">Weiterlesen <span class=\"meta-nav\">&rarr;<\/span><\/a><\/p>\n","protected":false},"author":1,"featured_media":0,"parent":0,"menu_order":0,"comment_status":"closed","ping_status":"closed","template":"","meta":{"footnotes":""},"class_list":["post-35","page","type-page","status-publish","hentry"],"_links":{"self":[{"href":"http:\/\/www.estetalschule.de\/wordpress\/wp-json\/wp\/v2\/pages\/35","targetHints":{"allow":["GET"]}}],"collection":[{"href":"http:\/\/www.estetalschule.de\/wordpress\/wp-json\/wp\/v2\/pages"}],"about":[{"href":"http:\/\/www.estetalschule.de\/wordpress\/wp-json\/wp\/v2\/types\/page"}],"author":[{"embeddable":true,"href":"http:\/\/www.estetalschule.de\/wordpress\/wp-json\/wp\/v2\/users\/1"}],"replies":[{"embeddable":true,"href":"http:\/\/www.estetalschule.de\/wordpress\/wp-json\/wp\/v2\/comments?post=35"}],"version-history":[{"count":12,"href":"http:\/\/www.estetalschule.de\/wordpress\/wp-json\/wp\/v2\/pages\/35\/revisions"}],"predecessor-version":[{"id":5744,"href":"http:\/\/www.estetalschule.de\/wordpress\/wp-json\/wp\/v2\/pages\/35\/revisions\/5744"}],"wp:attachment":[{"href":"http:\/\/www.estetalschule.de\/wordpress\/wp-json\/wp\/v2\/media?parent=35"}],"curies":[{"name":"wp","href":"https:\/\/api.w.org\/{rel}","templated":true}]}}